{"id":104,"date":"2024-01-05T15:12:55","date_gmt":"2024-01-05T14:12:55","guid":{"rendered":"http:\/\/meteo-pro.fr\/?page_id=104"},"modified":"2024-01-06T09:43:21","modified_gmt":"2024-01-06T08:43:21","slug":"relations-entre-vent-pression","status":"publish","type":"page","link":"https:\/\/meteo-pro.fr\/index.php\/phenomenes-naturels\/relations-entre-vent-pression\/","title":{"rendered":"Quelles relations existe-t-il entre le vent et la pression ?"},"content":{"rendered":"\n<p>Quelles relations existe-t-il entre le vent et la pression ?<\/p>\n\n\n\n<p>On con\u00e7oit ais\u00e9ment que l&rsquo;air, qui est un fluide comme l&rsquo;eau, soit en partie expuls\u00e9 des zones de surpression, et aspir\u00e9 par les zones de d\u00e9pression. Le vent devrait donc \u00e0 priori souffler directement des anticyclones (hautes pressions) vers les d\u00e9pressions (basses pressions). Ce n&rsquo;est pourtant pas si simple, car les mouvements de l&rsquo;air cherchent \u00e0 compenser \u00e0 la fois les \u00e9carts dynamiques (diff\u00e9rences de pression) et les \u00e9carts thermiques (diff\u00e9rences de temp\u00e9rature).<br>Ces derniers sont en fait les v\u00e9ritables moteurs de l&rsquo;agitation de l&rsquo;atmosph\u00e8re, que ce soit \u00e0 grande \u00e9chelle, par exemple par suite du r\u00e9chauffement plus important des zones \u00e9quatoriales que polaires, o\u00f9 \u00e0 petite \u00e9chelle, par exemple lors d&rsquo;une journ\u00e9e caniculaire, quand l&rsquo;air en contact avec les terres se r\u00e9chauffe plus vite que celui qui avoisine les eaux d&rsquo;un lac. En r\u00e9alit\u00e9, pratiquement tout ce qui se passe au-dessus de nos t\u00eates est d\u00fb \u00e0 l&rsquo;origine \u00e0 des in\u00e9galit\u00e9s dans les capacit\u00e9s ou les possibilit\u00e9s de r\u00e9chauffement des diverses parties de notre globe.<\/p>\n\n\n\n<p>Supposons qu&rsquo;en raison d&rsquo;une cause thermique, l&rsquo;air est forc\u00e9 de se d\u00e9placer du point A au point B. Par cons\u00e9quent, l&rsquo;environnement autour du point B deviendra rapidement pressuris\u00e9 et cherchera \u00e0 expulser l&rsquo;exc\u00e8s d&rsquo;air. \u00c0 l&rsquo;inverse, le point A conna\u00eetra un manque d&rsquo;air et cherchera \u00e0 en aspirer davantage. Ces diff\u00e9rences de pression entra\u00eeneront finalement un mouvement de B vers A, oppos\u00e9 au mouvement initial qui les a provoqu\u00e9es. Les deux mouvements d&rsquo;air n&rsquo;entreront pas directement en collision, mais suivront des chemins diff\u00e9rents. Ce merveilleux ph\u00e9nom\u00e8ne d&rsquo;autor\u00e9gulation permet \u00e0 notre atmosph\u00e8re de maintenir un certain \u00e9quilibre, tout en \u00e9tant constamment perturb\u00e9e par l&rsquo;apparition continue de nouvelles d\u00e9viations thermiques.<\/p>\n\n\n\n<p>Maintenant, abordons le probl\u00e8me sous un angle diff\u00e9rent. Le math\u00e9maticien fran\u00e7ais CORIOLIS a d\u00e9montr\u00e9 qu&rsquo;en raison de la rotation de la terre sur son axe, tout mouvement dans l&rsquo;h\u00e9misph\u00e8re nord, m\u00eame s&rsquo;il est initi\u00e9 en ligne droite, a tendance \u00e0 \u00eatre d\u00e9vi\u00e9 vers la droite (et inversement vers la gauche dans l&rsquo;h\u00e9misph\u00e8re sud).<\/p>\n\n\n\n<p>Coriolis peut sembler un terme fantaisiste, mais c&rsquo;est un concept vital \u00e0 prendre en compte pour les experts en balistique et en astronautique. Cette force affecte le mouvement des objets et des fluides sur Terre, entra\u00eenant un curieux ph\u00e9nom\u00e8ne connu sous le nom d&rsquo;effet de Coriolis.<\/p>\n\n\n\n<p>Mais elle ne se limite pas aux objets physiques. L&rsquo;atmosph\u00e8re est \u00e9galement sensible \u00e0 cette force, et les trajectoires de l&rsquo;air semblent d\u00e9vier vers la gauche ou vers la droite avec la m\u00eame fr\u00e9quence. Cependant, il doit y avoir une force compensatrice qui provoque une d\u00e9viation syst\u00e9matique vers la gauche. Dans le cas des mouvements horizontaux, la gravit\u00e9 ne peut pas \u00eatre le coupable, et seule la force qui attire l&rsquo;air vers les d\u00e9pressions peut r\u00e9pondre \u00e0 la question.<\/p>\n\n\n\n<p>En d&rsquo;autres termes, lorsque tu te tiens dos au vent, le c\u00f4t\u00e9 gauche pr\u00e9sentera des zones de basse pression, tandis que le c\u00f4t\u00e9 droit pr\u00e9sentera des zones de haute pression. Ce ph\u00e9nom\u00e8ne est invers\u00e9 dans l&rsquo;h\u00e9misph\u00e8re sud. C&rsquo;est fascinant de voir comment fonctionne le monde naturel, n&rsquo;est-ce pas ?<\/p>\n","protected":false},"excerpt":{"rendered":"<p>Quelles relations existe-t-il entre le vent et la pression ? On con\u00e7oit ais\u00e9ment que l&rsquo;air, qui est un fluide comme l&rsquo;eau, soit en partie expuls\u00e9 des zones de surpression, et aspir\u00e9 par les zones de d\u00e9pression. Le vent devrait donc \u00e0 priori souffler directement des anticyclones (hautes pressions) vers les d\u00e9pressions (basses pressions). Ce n&rsquo;est [&hellip;]<\/p>\n","protected":false},"author":1,"featured_media":0,"parent":88,"menu_order":0,"comment_status":"closed","ping_status":"closed","template":"","meta":{"_seopress_robots_primary_cat":"","_seopress_titles_title":"","_seopress_titles_desc":"","_seopress_robots_index":"","footnotes":""},"class_list":["post-104","page","type-page","status-publish","hentry"],"_links":{"self":[{"href":"https:\/\/meteo-pro.fr\/index.php\/wp-json\/wp\/v2\/pages\/104","targetHints":{"allow":["GET"]}}],"collection":[{"href":"https:\/\/meteo-pro.fr\/index.php\/wp-json\/wp\/v2\/pages"}],"about":[{"href":"https:\/\/meteo-pro.fr\/index.php\/wp-json\/wp\/v2\/types\/page"}],"author":[{"embeddable":true,"href":"https:\/\/meteo-pro.fr\/index.php\/wp-json\/wp\/v2\/users\/1"}],"replies":[{"embeddable":true,"href":"https:\/\/meteo-pro.fr\/index.php\/wp-json\/wp\/v2\/comments?post=104"}],"version-history":[{"count":3,"href":"https:\/\/meteo-pro.fr\/index.php\/wp-json\/wp\/v2\/pages\/104\/revisions"}],"predecessor-version":[{"id":116,"href":"https:\/\/meteo-pro.fr\/index.php\/wp-json\/wp\/v2\/pages\/104\/revisions\/116"}],"up":[{"embeddable":true,"href":"https:\/\/meteo-pro.fr\/index.php\/wp-json\/wp\/v2\/pages\/88"}],"wp:attachment":[{"href":"https:\/\/meteo-pro.fr\/index.php\/wp-json\/wp\/v2\/media?parent=104"}],"curies":[{"name":"wp","href":"https:\/\/api.w.org\/{rel}","templated":true}]}}