{"id":2,"date":"2024-01-05T08:53:17","date_gmt":"2024-01-05T07:53:17","guid":{"rendered":"http:\/\/meteo-pro.fr\/?page_id=2"},"modified":"2024-01-29T07:54:44","modified_gmt":"2024-01-29T06:54:44","slug":"tramontane-mistral","status":"publish","type":"page","link":"https:\/\/meteo-pro.fr\/index.php\/phenomenes-naturels\/tramontane-mistral\/","title":{"rendered":"Quel rapport existe-t-il entre la Tramontane et le Mistral ?"},"content":{"rendered":"\n<p>La tramontane, un vent de nord-ouest qui souffle dans le Roussillon, la vall\u00e9e de l&rsquo;Aude et le Bas-Languedoc, et le Cers (nom plus localis\u00e9 du m\u00eame vent dans le Minervois au Bas-Languedoc) s&rsquo;\u00e9tablissent g\u00e9n\u00e9ralement quelques heures avant le mistral et disparaissent aussi g\u00e9n\u00e9ralement quelques heures avant lorsque la situation devient anticyclonique ou qu&rsquo;une nouvelle perturbation s&rsquo;approche.<\/p>\n\n\n\n<p>La s\u00e9cheresse de l&rsquo;air associ\u00e9e \u00e0 la tramontane est provoqu\u00e9e par un effet de foehn au-dessus des Corbi\u00e8res et des C\u00e9vennes, et l&rsquo;acc\u00e9l\u00e9ration de sa vitesse r\u00e9sulte de la pr\u00e9sence du couloir rectiligne qui s\u00e9pare ces deux massifs montagneux, reliant Toulouse \u00e0 Narbonne.<\/p>\n\n\n\n<p>En fait, le mistral et la tramontane sont tr\u00e8s semblables, tant par leurs origines que par leurs effets, et la limite entre leurs zones d&rsquo;influence se situe pr\u00e8s de Montpellier. Ils ont l&rsquo;avantage d&rsquo;\u00eatre souvent accompagn\u00e9s de soleil, <strong>ce qui fait que la c\u00f4te m\u00e9diterran\u00e9enne fran\u00e7aise est aussi ensoleill\u00e9e tout au long de l&rsquo;ann\u00e9<\/strong>e que Madrid ou Ath\u00e8nes, et plus ensoleill\u00e9e que Rome. Ces vents, souvent d\u00e9sagr\u00e9ables par leur violence, balaient la pollution industrielle vers le golfe du Lion. En revanche, ils ass\u00e8chent les cultures et favorisent la propagation des feux de for\u00eat.<\/p>\n\n\n\n<hr class=\"wp-block-separator has-alpha-channel-opacity\"\/>\n\n\n\n<h2 class=\"wp-block-heading\">La tramontane et le mistral<\/h2>\n\n\n\n<p>La tramontane et le mistral sont tous deux des vents forts et froids qui soufflent dans la r\u00e9gion m\u00e9diterran\u00e9enne. La tramontane souffle du nord et du nord-est dans la r\u00e9gion des Pyr\u00e9n\u00e9es en France, tandis que le mistral souffle du nord-ouest dans la vall\u00e9e du Rh\u00f4ne en France. Bien qu&rsquo;il s&rsquo;agisse de vents distincts, ils pr\u00e9sentent certaines similitudes en termes d&rsquo;effets et de caract\u00e9ristiques.<\/p>\n\n\n\n<p>Les deux vents sont connus pour leur capacit\u00e9 \u00e0 d\u00e9gager le ciel des nuages et \u00e0 apporter de l&rsquo;air sec et froid dans la r\u00e9gion. Ils peuvent \u00e9galement provoquer d&rsquo;importantes baisses de temp\u00e9rature, ce qui en fait un facteur important du climat local. La tramontane et le mistral peuvent tous deux \u00eatre intenses, avec des rafales pouvant atteindre 100km\/h. <strong>Ces vents peuvent causer des dommages aux b\u00e2timents et aux cultures, et peuvent \u00e9galement rendre difficile la navigation des navires en M\u00e9diterran\u00e9e.<\/strong> <a previewlistener=\"true\" href=\"https:\/\/meteo-pro.fr\/index.php\/2024\/01\/07\/alertes-vent\/\" data-type=\"post\" data-id=\"305\">Consulter nos alertes vent<\/a><\/p>\n\n\n\n<p>Malgr\u00e9 leurs similitudes, il existe quelques diff\u00e9rences essentielles entre la tramontane et le mistral. La tramontane est g\u00e9n\u00e9ralement plus forte et plus r\u00e9guli\u00e8re que le mistral, qui peut varier en intensit\u00e9 et en dur\u00e9e. De plus, la tramontane a tendance \u00e0 \u00eatre plus fr\u00e9quente pendant les mois d&rsquo;hiver, alors que le mistral peut se produire \u00e0 n&rsquo;importe quel moment de l&rsquo;ann\u00e9e.<\/p>\n\n\n\n<p>Malgr\u00e9 leurs dangers potentiels, la tramontane et le mistral sont \u00e9galement c\u00e9l\u00e9br\u00e9s pour leurs caract\u00e9ristiques uniques. De nombreux habitants des r\u00e9gions touch\u00e9es ont d\u00e9velopp\u00e9 des traditions culturelles et des passe-temps autour de ces vents, notamment le cerf-volant, la planche \u00e0 voile et m\u00eame la viticulture. Dans l&rsquo;ensemble, la tramontane et le mistral sont deux ph\u00e9nom\u00e8nes m\u00e9t\u00e9orologiques fascinants qui ont fa\u00e7onn\u00e9 la r\u00e9gion m\u00e9diterran\u00e9enne pendant des si\u00e8cles.<\/p>\n\n\n\n<h3 class=\"wp-block-heading\">Des records de vitesse ?<\/h3>\n\n\n\n<p>La vitesse la plus \u00e9lev\u00e9e jamais enregistr\u00e9e pour le mistral a \u00e9t\u00e9 de 320 km\/h au Mont Ventoux le 19 novembre 1967. Il s&rsquo;agit en fait de la rafale la plus forte de toute la France, plus puissante que de nombreuses tornades.<\/p>\n\n\n\n<h3 class=\"wp-block-heading\">Quelques valeurs remarquables :<\/h3>\n\n\n\n<p><\/p>\n\n\n\n<blockquote class=\"wp-block-quote is-layout-flow wp-block-quote-is-layout-flow\">\n<p><strong>216 <\/strong>km\/h au Cap Corse le 09\/12\/1993<\/p>\n\n\n\n<p><strong>216 <\/strong>km\/h au Cap Sagro le 14\/01\/1986 et le 20\/10\/1986<\/p>\n\n\n\n<p><strong>212 <\/strong>km\/h au cap Sagro le 23\/01\/1986<\/p>\n\n\n\n<p><strong>212 <\/strong>km\/h \u00e0 l&rsquo;Ile-Rousse le 27\/02\/1990<\/p>\n\n\n\n<p><strong>212 <\/strong>km\/h au Cap Corse le 21\/10\/1992<\/p>\n\n\n\n<p><strong>198<\/strong> km\/h au cap Pertusato le 08\/02\/1984<\/p>\n\n\n\n<p><strong>194 <\/strong>km\/h \u00e0 Conca le 28\/12\/1999<\/p>\n\n\n\n<p><strong>191 <\/strong>km\/h \u00e0 Pom\u00e8gues le 11\/01\/1987<\/p>\n\n\n\n<p><strong>191 <\/strong>km\/h au cap B\u00e9ar le 22\/12\/1991 et le 24\/01\/2009<\/p>\n\n\n\n<p><strong>184 <\/strong>km\/h \u00e0 Perpignan le 24\/01\/2009<\/p>\n\n\n\n<p><strong>184 <\/strong>km\/h au cap C\u00e9pet le 28\/01\/1999<\/p>\n\n\n\n<p><strong>180 <\/strong>km\/h \u00e0 Porto-Vecchio le 21\/01\/1983 et le 27\/02\/1990<\/p>\n\n\n\n<p><strong>En Espagne <\/strong>:<\/p>\n\n\n\n<p><strong>218 <\/strong>km\/h \u00e0 Portbou le 29\/01\/2001<\/p>\n\n\n\n<p><strong>214 <\/strong>km\/h \u00e0 Portbou le 26\/05\/2003<\/p>\n\n\n\n<p><strong>212 <\/strong>km\/h \u00e0 Portbou le 07\/11\/1999<\/p>\n<\/blockquote>\n\n\n\n<p><a href=\"https:\/\/meteo-pro.fr\/index.php\/phenomenes-naturels\/quels-sont-les-vents-dominants\/\">Quels sont les vents dominants ?<\/a> <\/p>\n\n\n\n<p><a href=\"https:\/\/meteo-pro.fr\/index.php\/phenomenes-naturels\/relations-entre-vent-pression\/\">Quelles relations existe-t-il entre le vent et la pression ?<\/a><\/p>\n\n\n\n<figure class=\"wp-block-image size-large\"><img  title=\"\" loading=\"lazy\" decoding=\"async\" width=\"1024\" height=\"782\" src=\"http:\/\/meteo-pro.fr\/wp-content\/uploads\/2024\/01\/2024-01-05_10h27_39-1024x782.jpg\"  alt=\"2024-01-05_10h27_39-1024x782 Quel rapport existe-t-il entre la Tramontane et le Mistral ?\"  class=\"wp-image-29\" srcset=\"https:\/\/meteo-pro.fr\/wp-content\/uploads\/2024\/01\/2024-01-05_10h27_39-1024x782.jpg 1024w, https:\/\/meteo-pro.fr\/wp-content\/uploads\/2024\/01\/2024-01-05_10h27_39-300x229.jpg 300w, https:\/\/meteo-pro.fr\/wp-content\/uploads\/2024\/01\/2024-01-05_10h27_39-768x586.jpg 768w, https:\/\/meteo-pro.fr\/wp-content\/uploads\/2024\/01\/2024-01-05_10h27_39.jpg 1036w\" sizes=\"auto, (max-width: 1024px) 100vw, 1024px\" \/><\/figure>\n","protected":false},"excerpt":{"rendered":"<p>La tramontane, un vent de nord-ouest qui souffle dans le Roussillon, la vall\u00e9e de l&rsquo;Aude et le Bas-Languedoc, et le Cers (nom plus localis\u00e9 du m\u00eame vent dans le Minervois au Bas-Languedoc) s&rsquo;\u00e9tablissent g\u00e9n\u00e9ralement quelques heures avant le mistral et disparaissent aussi g\u00e9n\u00e9ralement quelques heures avant lorsque la situation devient anticyclonique ou qu&rsquo;une nouvelle perturbation [&hellip;]<\/p>\n","protected":false},"author":1,"featured_media":29,"parent":88,"menu_order":-2,"comment_status":"closed","ping_status":"closed","template":"","meta":{"_seopress_robots_primary_cat":"","_seopress_titles_title":"","_seopress_titles_desc":"","_seopress_robots_index":"","footnotes":""},"class_list":["post-2","page","type-page","status-publish","has-post-thumbnail","hentry"],"_links":{"self":[{"href":"https:\/\/meteo-pro.fr\/index.php\/wp-json\/wp\/v2\/pages\/2","targetHints":{"allow":["GET"]}}],"collection":[{"href":"https:\/\/meteo-pro.fr\/index.php\/wp-json\/wp\/v2\/pages"}],"about":[{"href":"https:\/\/meteo-pro.fr\/index.php\/wp-json\/wp\/v2\/types\/page"}],"author":[{"embeddable":true,"href":"https:\/\/meteo-pro.fr\/index.php\/wp-json\/wp\/v2\/users\/1"}],"replies":[{"embeddable":true,"href":"https:\/\/meteo-pro.fr\/index.php\/wp-json\/wp\/v2\/comments?post=2"}],"version-history":[{"count":23,"href":"https:\/\/meteo-pro.fr\/index.php\/wp-json\/wp\/v2\/pages\/2\/revisions"}],"predecessor-version":[{"id":530,"href":"https:\/\/meteo-pro.fr\/index.php\/wp-json\/wp\/v2\/pages\/2\/revisions\/530"}],"up":[{"embeddable":true,"href":"https:\/\/meteo-pro.fr\/index.php\/wp-json\/wp\/v2\/pages\/88"}],"wp:featuredmedia":[{"embeddable":true,"href":"https:\/\/meteo-pro.fr\/index.php\/wp-json\/wp\/v2\/media\/29"}],"wp:attachment":[{"href":"https:\/\/meteo-pro.fr\/index.php\/wp-json\/wp\/v2\/media?parent=2"}],"curies":[{"name":"wp","href":"https:\/\/api.w.org\/{rel}","templated":true}]}}